





{"id":61,"date":"2024-07-23T16:13:06","date_gmt":"2024-07-23T13:13:06","guid":{"rendered":"https:\/\/ovanap.com\/pt\/?page_id=61"},"modified":"2024-07-24T15:39:35","modified_gmt":"2024-07-24T12:39:35","slug":"privatumo-politika","status":"publish","type":"page","link":"https:\/\/ovanap.com\/pt\/privatumo-politika\/","title":{"rendered":"Privatumo politika"},"content":{"rendered":"\n<p class=\"wp-block-paragraph\"><strong>Kam reikalinga \u0161i Privatumo politika?<\/strong><\/p>\n\n\n\n<p class=\"wp-block-paragraph\">Mobili \u0161alis, UAB yra j\u016bs\u0173 asmens duomen\u0173 valdytojas. Mes itin vertiname ir saugome savo klient\u0173 privatum\u0105, tod\u0117l \u0161ioje Privatumo politikoje (toliau \u2013 Politika) ai\u0161kiai ir skaidriai pateikiame informacij\u0105 apie M\u016bs\u0173 prek\u0117s \u017eenkl\u0173 interneto svetain\u0117se taikomus asmens duomen\u0173 tvarkymo principus bei j\u016bs\u0173 asmens duomen\u0173 apsaugos u\u017etikrinim\u0105. \u0160ioje Politikoje galite susipa\u017einti su jums aktualia informacija apie j\u016bs\u0173 asmens duomen\u0173 apsaug\u0105, turimas teises ir j\u0173 \u012fgyvendinimo b\u016bdus.<br><br>\u0160ios Politikos tikslas yra informuoti jus apie Mobili \u0161alis, UAB ir (ar) jos administruojam\u0173 prek\u0117s \u017eenkl\u0173 atliekamas asmens duomen\u0173 tvarkymo operacijas bei pagrindines duomen\u0173 apsaugos nuostatas, skirtas u\u017etikrinti j\u016bs\u0173 privatum\u0105.<br><br>Tvarkydami asmens duomenis Mes vadovaujam\u0117s Europos Parlamento ir Tarybos Bendruoju duomen\u0173 apsaugos reglamentu (ES) 2016\/679 (toliau \u2013 Reglamentas), Lietuvos Respublikos Asmens duomen\u0173 teisin\u0117s apsaugos \u012fstatymu ir kit\u0173 susijusi\u0173 teis\u0117s akt\u0173 reikalavimais bei kontroliuojan\u010di\u0173 institucij\u0173 nurodymais.<\/p>\n\n\n\n<p class=\"wp-block-paragraph\"><strong>Kas yra asmens duomenys ir kaip jie yra tvarkomi?<\/strong><br><br>Asmens duomenys\u00a0\u2013 tai bet kuri informacija, tiesiogiai arba netiesiogiai susijusi su jumis, kai j\u016bs\u0173 tapatyb\u0117 yra \u017einoma arba gali b\u016bti tiesiogiai ar netiesiogiai nustatyta, pasinaudojant atitinkamais duomenimis (pvz., vardas, pavard\u0117, asmens kodas, el. pa\u0161to adresas, telefono numeris ir kt.).<br><br>Asmens duomen\u0173 tvarkymas\u00a0\u2013 tai bet kokia su asmens duomenimis atliekama operacija, \u012fskaitant rinkim\u0105, \u012fra\u0161ym\u0105, saugojim\u0105, redagavim\u0105, keitim\u0105, prieigos suteikim\u0105, u\u017eklaus\u0173 pateikim\u0105, perdavim\u0105, archyvavim\u0105 ir kt.<br><br>Mobili \u0161alis, UAB, tvarkydama j\u016bs\u0173 asmens duomenis, laikosi \u0161i\u0173 asmens duomen\u0173 tvarkymo princip\u0173:<\/p>\n\n\n\n<ul class=\"wp-block-list\">\n<li>J\u016bs\u0173 asmens duomenys tvarkomi tik tiek, kiek tai reikalinga atitinkamiems ai\u0161kiai apibr\u0117\u017etiems ir teis\u0117tiems tikslams pasiekti, atsi\u017evelgiant \u012f j\u016bs\u0173 privatumo apsaug\u0105;<\/li>\n\n\n\n<li>J\u016bs\u0173 asmens duomenys tvarkomi tiksliai, s\u0105\u017einingai ir teis\u0117tai bei tvarkomi tik tokiais tikslais, kurie atitinka tikslus, nurodytus prie\u0161 renkant j\u016bs\u0173 asmens duomenis;<\/li>\n\n\n\n<li>J\u016bs\u0173 asmens duomenys tvarkomi grie\u017etai laikantis teis\u0117s aktuose nustatyt\u0173 ai\u0161ki\u0173 ir skaidri\u0173 asmens duomen\u0173 tvarkymo reikalavim\u0173;<\/li>\n\n\n\n<li>J\u016bs\u0173 asmens duomenys tvarkomi tik tokia forma, kad j\u016bs\u0173 tapatyb\u0119 b\u016bt\u0173 galima nustatyti ne ilgiau, nei tai yra b\u016btina tais tikslais, kuriais asmens duomenys yra tvarkomi;<\/li>\n\n\n\n<li>J\u016bs\u0173 asmens duomen\u0173 tvarkymui taikomos atitinkamos technin\u0117s ir organizacin\u0117s priemon\u0117s, kad b\u016bt\u0173 u\u017etikrintas asmens duomen\u0173 saugumas, \u012fskaitant apsaug\u0105 nuo neteis\u0117to duomen\u0173 tvarkymo ir nuo nety\u010dinio praradimo, sunaikinimo ir sugadinimo.<\/li>\n<\/ul>\n\n\n\n<p class=\"wp-block-paragraph\"><strong>Kokios j\u016bs\u0173 pareigos ir atsakomyb\u0117?<\/strong><br><br>J\u016bs esate atsakingas u\u017e savo pateikt\u0173 asmens duomen\u0173 tikslum\u0105, teisingum\u0105 ir i\u0161samum\u0105. Tod\u0117l, pasikeitus j\u016bs\u0173 asmens duomenims, kurie yra b\u016btini pirmiau nurodytiems tikslams pasiekti, j\u016bs turite pareig\u0105 nedelsiant apie pasikeitusius asmens duomenis informuoti Mobili \u0161alis, UAB.<br><br>Pa\u017eymime, kad pateikdami savo asmens duomenis prisiimate vis\u0105 atsakomyb\u0119 u\u017e savo asmens duomen\u0173 pateikimo teis\u0117tum\u0105 ir atsakote u\u017e Mobili \u0161alis, UAB ir (ar) tre\u010di\u0173j\u0173 asmen\u0173 nuostolius, galin\u010dius kilti d\u0117l neteis\u0117to toki\u0173 asmens duomen\u0173 tvarkymo.<br><br><strong>Kaip mes u\u017etikriname j\u016bs\u0173 asmens duomen\u0173 saugum\u0105?<\/strong><br><br>Suprantame, kad pateikdami mums savo asmens duomenis tikit\u0117s, jog jie bus tvarkomi tik teis\u0117tais, skaidriais ir s\u0105\u017einingais b\u016bdais bei bus apsaugoti tinkamomis technin\u0117mis ir organizacin\u0117mis saugumo priemon\u0117mis. Tod\u0117l, nustatydami asmens duomen\u0173 tvarkymo priemones, atsi\u017evelgiame \u012f rizikas, kurios kyla tvarkant asmens duomenis, bei pagal tai nustatome ir \u012fgyvendiname tinkamas duomen\u0173 apsaugos technines ir organizacines priemones, u\u017etikrinan\u010dias fizin\u0119 asmens duomen\u0173\u0328 apsaug\u0105, ribodami prieigos prie asmens duomen\u0173\u0328 teises, tam tikrais atvejais u\u017e\u0161ifruodami asmens duomenis, u\u017etikrindami kompiuteri\u0173 tinklo apsaug\u0105, asmenini\u0173 prietais\u0173 apsaug\u0105, darydami atsargines duomen\u0173\u0328 kopijas ir taikydami kitas apsaugos priemones, kuriomis apsaugomi j\u016bs\u0173\u0328 tvarkomi asmens duomenys nuo atsitiktinio ar neteis\u0117to sunaikinimo, sugadinimo, pakeitimo, praradimo, atskleidimo, taip pat nuo bet kokio kito neteis\u0117to tvarkymo.<br><br>Tvarkant j\u016bs\u0173\u0328 asmens duomenis, prieiga prie asmens duomen\u0173\u0328 yra suteikiama tikMobili \u0161alis, UAB ir Mobili \u0161alis, UAB partneri\u0173 \u012fgaliotiems darbuotojams, kuriems tokia prieiga yra reikalinga pavestoms darbin\u0117ms funkcijoms atlikti bei kurie yra \u012fsipareigoj\u0119 laikytis konfidencialumo ar kit\u0173 teis\u0117s aktuose ir (ar) vidin\u0117s Mobili \u0161alis, UAB taisykl\u0117se numatyt\u0173 technini\u0173 bei organizacini\u0173 asmens duomen\u0173\u0328 tvarkymo reikalavim\u0173.<br><br>Papildomai nurodome, kad tam tikrais atvejais Mobili \u0161alis, UAB pasitelkiami duomen\u0173 tvarkytojai (pvz., IT paslaugos, rinkodaros (turinio) paslaugos ir pan.) gali b\u016bti \u012fsisteig\u0119 ne tik Europos S\u0105jungos ar Europos ekonomin\u0117s erdv\u0117s nar\u0117s \u0161alyje, ta\u010diau ir u\u017e jos rib\u0173, tod\u0117l j\u016bs\u0173 asmens duomen\u0173 tvarkymas gali b\u016bti vykdomas ir tre\u010diojoje valstyb\u0117je. Nepaisant to, pa\u017eymime, kad j\u016bs\u0173 duomenys bus perduodami tik teis\u0117s akt\u0173 nustatyta tvarka, taikant tinkamas apsaugos priemones (t. y. pasira\u0161ant asmens duomen\u0173 tvarkymo \/ teikimo sutartis), tod\u0117l jums bus suteikiama galimyb\u0117 naudotis vykdytinomis duomen\u0173 subjekt\u0173 teis\u0117mis ir veiksmingomis duomen\u0173 subjekt\u0173 teisi\u0173 gynimo priemon\u0117mis.<\/p>\n","protected":false},"excerpt":{"rendered":"<p>Kam reikalinga \u0161i Privatumo politika? Mobili \u0161alis, UAB yra j\u016bs\u0173 asmens duomen\u0173 valdytojas. Mes itin vertiname ir saugome savo klient\u0173 privatum\u0105, tod\u0117l \u0161ioje Privatumo politikoje (toliau \u2013 Politika) ai\u0161kiai ir skaidriai pateikiame informacij\u0105 apie M\u016bs\u0173 prek\u0117s \u017eenkl\u0173 interneto svetain\u0117se taikomus asmens duomen\u0173 tvarkymo principus bei j\u016bs\u0173 asmens duomen\u0173 apsaugos u\u017etikrinim\u0105. \u0160ioje Politikoje galite susipa\u017einti su [&hellip;]<\/p>\n","protected":false},"author":1,"featured_media":0,"parent":0,"menu_order":0,"comment_status":"closed","ping_status":"closed","template":"","meta":{"_acf_changed":false,"_crdt_document":"","footnotes":""},"class_list":["post-61","page","type-page","status-publish","hentry"],"acf":[],"_links":{"self":[{"href":"https:\/\/ovanap.com\/pt\/wp-json\/wp\/v2\/pages\/61","targetHints":{"allow":["GET"]}}],"collection":[{"href":"https:\/\/ovanap.com\/pt\/wp-json\/wp\/v2\/pages"}],"about":[{"href":"https:\/\/ovanap.com\/pt\/wp-json\/wp\/v2\/types\/page"}],"author":[{"embeddable":true,"href":"https:\/\/ovanap.com\/pt\/wp-json\/wp\/v2\/users\/1"}],"replies":[{"embeddable":true,"href":"https:\/\/ovanap.com\/pt\/wp-json\/wp\/v2\/comments?post=61"}],"version-history":[{"count":3,"href":"https:\/\/ovanap.com\/pt\/wp-json\/wp\/v2\/pages\/61\/revisions"}],"predecessor-version":[{"id":249,"href":"https:\/\/ovanap.com\/pt\/wp-json\/wp\/v2\/pages\/61\/revisions\/249"}],"wp:attachment":[{"href":"https:\/\/ovanap.com\/pt\/wp-json\/wp\/v2\/media?parent=61"}],"curies":[{"name":"wp","href":"https:\/\/api.w.org\/{rel}","templated":true}]}}